{"id":13180,"date":"2021-04-17T14:48:47","date_gmt":"2021-04-17T13:48:47","guid":{"rendered":"https:\/\/www.hotelbonsol.es\/about-us\/"},"modified":"2022-01-26T13:25:50","modified_gmt":"2022-01-26T12:25:50","slug":"historia","status":"publish","type":"page","link":"https:\/\/www.hotelbonsol.es\/es\/historia\/","title":{"rendered":"Historia"},"content":{"rendered":"<p>[vc_row][vc_column css=\u00bb.vc_custom_1616003394049{padding-top: 180px !important;padding-bottom: 60px !important;}\u00bb]<div class=\"mkd-section-title-holder\">\n\t<h2 class=\"mkd-section-title mkd-section-title-large\" style=\"color: #000000;text-align: center\">\n\t\tHistoria    <\/h2>\n<\/div><div class=\"mkd-separator-with-icon-holder clearfix mkd-default-icon\" style=\"margin-top: 7px;margin-bottom: 18px\">\n\n\t<span class=\"mkd-separator-left\" ><\/span>\n\t\t\t<div class=\"mkd-default-icon-holder\" ><\/div>\n\t\t<span class=\"mkd-separator-right\" ><\/span>\n<\/div>[\/vc_column][\/vc_row][vc_row content_width=\u00bbgrid\u00bb content_aligment=\u00bbcenter\u00bb][vc_column width=\u00bb1\/6&#8243;][\/vc_column][vc_column width=\u00bb2\/3&#8243;][vc_single_image image=\u00bb12558&#8243; img_size=\u00bbfull\u00bb alignment=\u00bbcenter\u00bb][\/vc_column][vc_column width=\u00bb1\/6&#8243;][\/vc_column][\/vc_row][vc_row content_width=\u00bbgrid\u00bb content_aligment=\u00bbcenter\u00bb css=\u00bb.vc_custom_1598005337642{padding-top: 40px !important;padding-bottom: 20px !important;background-position: center !important;background-repeat: no-repeat !important;background-size: cover !important;}\u00bb][vc_column offset=\u00bbvc_col-lg-offset-0 vc_col-lg-12 vc_col-md-offset-0 vc_col-md-12&#8243;]<div class=\"mkd-section-subtitle-holder\" >\n\t<p  class=\"mkd-section-subtitle\">UNA FAMILIA DESDE 1953 ...<\/p>\n<p>El BON SOL, uno de los hoteles m\u00e1s ic\u00f3nicos de Mallorca, fue una idea de Antonio Xamena (1910-1996), un mallorqu\u00edn que amaba la isla y quer\u00eda dar a otros la oportunidad de experimentar y disfrutar de sus encantos tanto como \u00e9l mismo lo hac\u00eda.<\/p>\n<p>La familia Xamena es originaria de Felanitx, un pueblo situado al sudeste de la isla de Mallorca, conocido sobre todo por ser un importante centro de la industria de los azulejos y por la producci\u00f3n de vino. En Felanitx naci\u00f3 el notable arquitecto Guillem Sagrera (1380 - 1454), cuya obra m\u00e1s conocida es la \u201cLlotja\u201d de Palma.<\/p>\n<p>Antonio, hijo de Mart\u00edn y B\u00e1rbara Xamena, asisti\u00f3 a la escuela cat\u00f3lica ``Teatinos`` de Felanitx. Le gustaba la lectura y hac\u00eda buen uso de la biblioteca del pueblo, desarrollando amplios intereses que inclu\u00edan la escultura y la pintura. Adem\u00e1s, se interes\u00f3 por los jardines, primero por los de su pueblo y luego por los de toda Mallorca. Se encontr\u00f3 con interesantes ejemplos, desde los pertenecientes a las m\u00e1s modestas viviendas de su pueblo natal hasta los patios plantados e, incluso, los terrenos ajardinados de los palacios.<\/p>\n<p>Antonio, se convirti\u00f3 en el miembro m\u00e1s joven de Fomento de Turismo, que organizaba excursiones a pie por todos los rincones de la isla, y aprovech\u00f3 estas oportunidades para explorar tanto las zonas silvestres como los jardines cultivados. De estos paseos surgi\u00f3 un respeto permanente por el entorno natural y la convicci\u00f3n de que, tanto en los jardines como en las zonas silvestres, en general, la naturaleza no debe jam\u00e1s ser alterada dr\u00e1sticamente, sino que se debe permitir su desarrollo con la m\u00ednima interferencia.<\/p>\n<p>A los 7 a\u00f1os, Antonio fue la primera persona de su pueblo natal que vol\u00f3, en realidad en un hidroavi\u00f3n en Porto Colom (el puerto de Felanitx). No hab\u00eda campo de aterrizaje en la isla. Quer\u00eda ver algo del mundo fuera de la isla y, a los 16 a\u00f1os, se le present\u00f3 la oportunidad de asistir a un partido de f\u00fatbol entre los equipos de Castell\u00f3n y Mallorca, jugado en la pen\u00ednsula. Junto con unos amigos mayores, fue a Castell\u00f3n, en la regi\u00f3n de Valencia, y disfrut\u00f3 mucho m\u00e1s descubriendo la propia Valencia que del partido, ya que su inter\u00e9s por el f\u00fatbol no era grande. Esta fue la primera de muchas visitas que implicaron viajes fuera de Mallorca. A los 19 a\u00f1os hered\u00f3 una suma de dinero y pens\u00f3 que la mejor manera de invertirlo ser\u00eda pasar un mes en Par\u00eds y as\u00ed lo hizo.<\/p>\n<p>El padre de Antonio quer\u00eda que se convirtiera en agricultor, pero el chico encontraba el trabajo limitado para sus proyectos. Le gustaba conocer gente y participar en actividades sociales, as\u00ed que a los 17 a\u00f1os dej\u00f3 Felanitx y empez\u00f3 a trabajar como dependiente en un establecimiento de sastrer\u00eda, justo en el momento en que Palma se hac\u00eda cada vez m\u00e1s popular entre los viajeros franceses e ingleses. Como ya ten\u00eda conocimientos de los dos idiomas necesarios para estos contactos, mejor\u00f3 r\u00e1pidamente su fluidez hasta convertirse en la \u00fanica persona multiling\u00fce de la tienda. Por ello, siendo a\u00fan muy joven, fue nombrado jefe de personal y, posteriormente, director de zona. Estos ascensos fueron especialmente afortunados, ya que su padre muri\u00f3 cuando Antonio ten\u00eda s\u00f3lo 19 a\u00f1os y se encontr\u00f3 con mayores responsabilidades familiares.<\/p>\n<p>Era un joven popular y su carrera progresaba r\u00e1pidamente, pero fue interrumpida por la Guerra Civil espa\u00f1ola, donde luch\u00f3 en una de las m\u00e1s c\u00e9lebres batallas de esta, la famosa batalla del Ebro. Poco despu\u00e9s de terminar la guerra, conoci\u00f3 a Roger Toro Pando, hija del propietario de una peque\u00f1a f\u00e1brica de calzado y cuero que, junto con su esposa, hab\u00eda llegado recientemente a Mallorca desde Badajoz, Extremadura. Antonio y Roger se enamoraron y pronto se casaron.<br \/>\nAntonio quer\u00eda ahora ser m\u00e1s independiente en su trabajo y decidi\u00f3, con un amigo, Jordi Rossell\u00f3, montar una tienda en Palma. Su amigo era un h\u00e1bil sastre y, juntando algo de dinero y pidiendo un pr\u00e9stamo m\u00e1s, abrieron un establecimiento ``ROXA`` (Rossello &amp; Xamena) en la calle San Miguel, que pronto se volvi\u00f3 en la tienda de sastrer\u00eda de referencia en Mallorca.<\/p>\n<p>Antonio y Roger se instalaron en una atractiva casa que Antonio pose\u00eda en Palma y durante un tiempo hubo bastante para ocupar a la joven pareja. Ambos eran muy felices, pero no tardaron en abrirse nuevas posibilidades. ``Roxa``, aument\u00f3 su negocio sustancialmente cuando empezaron a fabricar gabardinas ya fabricadas, listas para llevar, lo que ahora se conoce como \u201cPr\u00eat-\u00e0-porter\u201d, ya que antes de esto, hab\u00eda que encargarlas y hacer a medida. Resultaron ser muy populares entre los isle\u00f1os cuando se produc\u00edan fuertes tormentas repentinas. Cada vez m\u00e1s pr\u00f3spero, Antonio descubri\u00f3 en 1950 que estaba en condiciones de construir una casa en la costa sureste, donde hab\u00eda comprado un terreno en un lugar id\u00edlico, en Cala D'Or, entonces un peque\u00f1o pueblo de pescadores.<\/p>\n<p>La casa se construy\u00f3 en dos secciones, una encima de la otra, cada una con seis dormitorios, ya que pens\u00f3 que mientras viviera en una mitad podr\u00eda alquilar la otra si lo deseaban.<br \/>\nEl joven matrimonio llevaba poco tiempo residiendo en la casa, cuando Roger pronto se dio cuenta de que la distancia a la tienda s\u00f3lo permit\u00eda a Antonio estar con ella los fines de semana. Durante una fuerte tormenta, un americano adinerado (que presumiblemente no hab\u00eda comprado uno de sus chubasqueros) busc\u00f3 refugio en la casa. Cuando el tiempo se despej\u00f3, se sinti\u00f3 abrumado por la belleza de la casa y su entorno; la describi\u00f3 como su Shangri-la. Roger le ofreci\u00f3 al instante la casa si Antonio estaba de acuerdo, por una cifra considerable que inmediatamente cumpli\u00f3. Como Antonio estaba trabajando, ella corri\u00f3 al tel\u00e9fono m\u00e1s cercano, a dos kil\u00f3metros de distancia, para comprobar si \u00e9l aprobaba su acci\u00f3n; no ten\u00eda por qu\u00e9 tener ninguna duda; ciertamente lo hizo.<br \/>\nAhora estaban en condiciones de comprar un terreno en un lugar cercano a la capital.<\/p>\n<\/div><div class=\"mkd-separator-holder clearfix  mkd-separator-center\">\n\t<div class=\"mkd-separator\" style=\"margin-top: 20px\"><\/div>\n<\/div>\n<div class=\"mkd-section-subtitle-holder\" >\n\t<p  class=\"mkd-section-subtitle\">LA CASA DE HU\u00c9SPEDES<\/p>\n<p>Un factor clave para que Antonio disfrutara de la isla era nadar en el mar. Le encantaba zambullirse en las aguas cristalinas del Mediterr\u00e1neo cada ma\u00f1ana antes de ir a trabajar y se preocup\u00f3 mucho cuando la ampliaci\u00f3n del puerto hizo que las aguas fueran cada vez m\u00e1s turbias. Buscando aguas m\u00e1s limpias las encontr\u00f3 en una peque\u00f1a cala de Illetas. Desde la bah\u00eda pudo ver una gran villa antigua en una posici\u00f3n dominante en la ladera. El lugar era conocido como Bendinat y se dec\u00eda que era una propiedad del Castillo Bendinat . En 1951 realiz\u00f3 la compra decisiva.<br \/>\nAunque el edificio estaba en mal estado, al a\u00f1o siguiente ya se hab\u00eda restaurado lo suficiente como para instalarse en \u00e9l. A Roger le gust\u00f3 la nueva casa, pero descubri\u00f3 que se sent\u00eda bastante sola durante el d\u00eda, ya que no ten\u00eda amigos en la localidad, sus vecinos m\u00e1s cercanos estaban bastante lejos y el transporte era limitado. A Antonio, reacio a mudarse de su amado mar al bullicio de la ciudad, se le ocurri\u00f3 la idea de utilizar el alojamiento sobrante como casa de hu\u00e9spedes, donde recibir\u00edan a clientes como amigos. Las nuevas generaciones de la familia Xamena mantienen la misma filosof\u00eda a dia de hoy.<\/p>\n<p>En junio de 1953 lleg\u00f3 el primer hu\u00e9sped a alojarse con ellos. En aquella \u00e9poca no exist\u00eda la capacidad de publicidad de la que disfrutamos hoy en d\u00eda. Los taxistas que recog\u00edan a los visitantes del ferry Barcelona-Palma fueron informados de la apertura de la nueva casa de hu\u00e9spedes y como todos los que ven\u00edan disfrutaban del ambiente relajado y atractivo creado por Antonio y Roger, los taxistas-viajeros-agentes no dudaron en recomendar el Bonsol a nuevos hu\u00e9spedes, cada vez m\u00e1s.<\/p>\n<p>El segundo a\u00f1o, el famoso actor hollywoodiano, Errol Flynn ,se aloj\u00f3 durante alg\u00fan tiempo en el Bonsol antes de alquilar una casa cercana. Disfrutaba de la casa y le encantaba navegar por aguas mallorquinas y recomendaba a varios de sus amigos que se alojaran con los Xamena, con los que manten\u00eda una buena amistad.<\/p>\n<p>La casa de hu\u00e9spedes se fue haciendo conocida y tras los dos primeros a\u00f1os de \u00e9xito se ampli\u00f3 de las 14 habitaciones con las que abri\u00f3 a 42. Antonio decidi\u00f3 entonces vender la tienda de Palma a su socio y dedicarse enteramente al Bonsol. En 1958 el Bonsol se ampl\u00eda a 73 habitaciones.<br \/>\n<\/p>\n<\/div><div class=\"mkd-section-subtitle-holder\" >\n\t<p  class=\"mkd-section-subtitle\">EL HOTEL<\/p>\n<p>El Hotel, trat\u00e1ndose del edificio principal, se construy\u00f3 en la colina, donde se pod\u00eda disfrutar al m\u00e1ximo tanto del sol de invierno como de la brisa de verano; en aquella \u00e9poca los visitantes ven\u00edan a Mallorca, por las suaves temperaturas del invierno. En niveles m\u00e1s bajos y cerca del mar, las condiciones pod\u00edan ser h\u00famedas antes de que el aire acondicionado estuviera disponible.<\/p>\n<p>Cuando las prioridades de los visitantes cambiaron, buscando la playa y el sol de verano, se hizo evidente que una fachada al mar ser\u00eda una ventaja para el Hotel; se compraron m\u00e1s terrenos en 1957, incluyendo la peque\u00f1a cala.<\/p>\n<p>En el per\u00edodo 1957-64 se urbanizaron los terrenos que dan a la playa y se construyeron las villas con jard\u00edn. El desarrollo continu\u00f3 y en 1982 el total de habitaciones en el Hotel principal hab\u00eda alcanzado las 92. Se necesitaban m\u00e1s de 200 escalones para unir el Hotel con la playa, todo un reto para los hu\u00e9spedes, por ello se tomo la decisi\u00f3n de que se necesitaban ascensores. Fue una decisi\u00f3n audaz, con grandes implicaciones econ\u00f3micas, ya que no s\u00f3lo hab\u00eda que excavar pozos de ascensor, sino que se proyectaron tres largos t\u00faneles que sal\u00edan por debajo de dos calzadas y conectaban tres zonas distintas del terreno. Ser\u00eda necesario cortar y retirar una gran cantidad de roca y, para minimizar las molestias al Hotel, los trabajos tendr\u00edan que realizarse lentamente en la temporada de invierno. Las autoridades no permitieron el uso de explosivos debido a que la carretera pasaba por encima.<\/p>\n<p>Estas complejas obras se iniciaron en 1969 y no pudieron conectarse los t\u00faneles y los ascensores hasta once a\u00f1os despu\u00e9s. S\u00f3lo en 1984 se pusieron en marcha todas las interconexiones.<\/p>\n<p>Una vez terminados, los ascensores y los t\u00faneles, se facilit\u00f3 enormemente la circulaci\u00f3n dentro del complejo hotelero, que pudo considerarse entonces como la unidad que es a d\u00eda de hoy.<\/p>\n<p>La construcci\u00f3n del Hotel y su desarrollo en tantas etapas contribuy\u00f3 enormemente a su car\u00e1cter. Cada vez que se proyectaba una nueva parte, Antonio y Roger pod\u00edan recurrir a sus conocimientos acumulados sobre la provisi\u00f3n de hoteles y tener en cuenta las opiniones de numerosos hu\u00e9spedes. Pudieron perfeccionar ideas utilizadas con \u00e9xito anteriormente y evitar peque\u00f1os problemas que hab\u00edan surgido en obras anteriores. Antonio y Roger adquirieron una valiosa experiencia y desde el principio fueron capaces de trabajar eficazmente con su arquitecto. Siempre se esforzaron por mantener el alto nivel y la generosidad del espacio. Los dormitorios se mejoraron constantemente, las zonas de estar se hicieron m\u00e1s acogedoras y c\u00f3modas. Probaban a sentarse en distintos lugares y, cuando, por ejemplo, decid\u00edan que ser\u00eda ventajoso disponer de zonas m\u00e1s \u00edntimas, elaboraban juntos la mejor manera de subdividir los espacios con pilares, tabiques o muros.<\/p>\n<p>Probablemente Antonio hubiese disfrutado, y tenido mucho \u00e9xito, como constructor, juzgando sus contribuciones a los procesos de construcci\u00f3n, si no se hubiera involucrado tan profundamente en el Hotel.<\/p>\n<p>A la pareja le encantaba el arte, y tener cuadros a su alrededor. La mayor\u00eda de los que ahora adornan el Bonsol fueron comprados, pero muchos fueron heredados de un t\u00edo (un sacerdote) que hab\u00eda utilizado su fortuna para restaurar el Monasterio de San Salvador en Felanitx y construy\u00f3 una hermosa capilla para ``Cristo Rey`` y recibi\u00f3 las pinturas como un regalo de agradecimiento de los Monjes. Durante varios a\u00f1os, antes de recibir la herencia, Antonio Xamena se interes\u00f3 por las pinturas. \u00c9stas hab\u00edan estado almacenadas en un s\u00f3tano durante mucho tiempo y necesitaban ser restauradas por un especialista. Esto llev\u00f3 m\u00e1s de diez a\u00f1os de trabajo de restauraci\u00f3n.<\/p>\n<p>Antonio y Roger, adem\u00e1s, adquirieron una amplia gama de objetos de arte durante sus viajes a los numerosos lugares que visitaron. Algunas de las cosas m\u00e1s bellas las trajeron de Florencia, Tailandia, Sri Lanka, Filipinas, Birmania, China y \u00c1frica. Todas las piezas fueron colocadas por Roger con gran cuidado, a\u00f1adiendo riqueza al car\u00e1cter del Hotel, que siempre mantuvo la calidez de la villa privada original. Antonio ten\u00eda ojo para las obras maestras, Roger ten\u00eda el don de encontrar el lugar adecuado para ellas en el Bonsol.<\/p>\n<p><\/p>\n<\/div><div class=\"mkd-section-subtitle-holder\" >\n\t<p  class=\"mkd-section-subtitle\">EL MAR<\/p>\n<p>Antonio quer\u00eda que su hotel se relacionara con el mar de forma muy positiva. Intent\u00f3 que todos los clientes pudieran disfrutar, al menos, de una vista parcial de la Bah\u00eda de Palma y foment\u00f3 que el ambiente marino impregnara todo el establecimiento. El mar es un tema recurrente en las pinturas que eligi\u00f3 o encarg\u00f3 para las zonas p\u00fablicas y para las propias habitaciones de los hu\u00e9spedes, mientras que la progresi\u00f3n de espacios que descienden hacia el mar se convirti\u00f3 en la caracter\u00edstica unificadora de los edificios del hotel y de sus jardines. Se ofrecieron numerosas oportunidades para disfrutar del mar en todos sus estados de \u00e1nimo, ya sea nadando desde la peque\u00f1a cala privada, observando sus movimientos desde un lugar con amplias vistas, o uno que ofreciera protecci\u00f3n en tiempos de inclemencias meteorol\u00f3gicas. No es que Mallorca sufra a menudo esto \u00faltimo.<\/p>\n<p>Por la noche, el restaurante de la playa y las terrazas que lo rodean se convert\u00edan en un lugar magn\u00edfico desde el que observar el mar que se oscurec\u00eda y las embarcaciones que pasaban; peque\u00f1os barcos de pesca, cruceros y esos espl\u00e9ndidos barcos cuyas grandes velas parec\u00edan retener la luz del sol mucho despu\u00e9s de la hora de su puesta.<\/p>\n<p>Mientras el hotel crec\u00eda desde sus or\u00edgenes como casa de hu\u00e9spedes, Antonio observaba con atenci\u00f3n los cambios en el dise\u00f1o de los hoteles. Las se\u00f1ales indicaban que la prosperidad futura de Mallorca depender\u00eda en gran medida del turismo, pero el tipo de desarrollo descarado en algunas partes de la isla no le impresionaba.<\/p>\n<p>Visit\u00f3 Am\u00e9rica y descubri\u00f3 que los est\u00e1ndares de algunos hoteles de all\u00ed eran tales que hac\u00edan que los hoteles de estilo moderno de Mallorca parecieran anticuados incluso antes de su finalizaci\u00f3n. Por ello, decidi\u00f3 que el Bonsol se mantendr\u00eda fiel a su car\u00e1cter mediterr\u00e1neo original. Deseoso de que su hotel no s\u00f3lo alcanzara un alto nivel de calidad para los hu\u00e9spedes, tambi\u00e9n quer\u00eda que todas las mejoras y ampliaciones del alojamiento estuvieran bien fundamentadas en relaci\u00f3n con el entorno.<\/p>\n<p>Casi desde el principio trabaj\u00f3 en pro de un equilibrio ecol\u00f3gico, ya que era de la opini\u00f3n de que cada hotel y casa de la isla deb\u00eda asimilar sus propios residuos. Las aguas residuales del Hotel se depuraban y se utilizaban para regar el jard\u00edn. Este sistema continu\u00f3 hasta que el reciclaje del agua pas\u00f3 a ser responsabilidad de las autoridades locales. Entonces se utiliz\u00f3 para regar el campo de golf local. Los desag\u00fces de los aseos y las duchas se separaban y se utilizaban para regar los jardines del Hotel despu\u00e9s de su tratamiento. El calor generado por el aire acondicionado se utiliza para calentar las piscinas y precalentar el suministro de agua caliente. En 1968 la energ\u00eda solar (la primera en Mallorca) tambi\u00e9n contribuy\u00f3 a los procesos. Los quemadores de c\u00e1scara de almendra, como fuente de energ\u00eda renovable, se utilizaban (y a\u00fan se utilizan) para el agua caliente y la calefacci\u00f3n central. Los quemadores de aceite s\u00f3lo se utilizan en las horas punta. Todo el sistema alcanz\u00f3 niveles notables de eficiencia energ\u00e9tica y evit\u00f3 cualquier contaminaci\u00f3n del mar.<br \/>\n<\/p>\n<\/div><div class=\"mkd-section-subtitle-holder\" >\n\t<p  class=\"mkd-section-subtitle\">EL JARD\u00cdN<\/p>\n<p>Hombre profundamente respetuoso con la naturaleza, Antonio quiso crear un jard\u00edn que mantuviera su car\u00e1cter original, que fuera fundamentalmente mallorqu\u00edn, con plantas y \u00e1rboles aut\u00f3ctonos de la isla que pudieran crecer en el suelo y entre las rocas. Para ello, se vali\u00f3 del terreno, al igual que los Moore, famosos por sus hermosas terrazas y su h\u00e1bil control del movimiento del agua. Algo de esto puede verse en la finca mallorquina de Alfabia (derivada del \u00e1rabe Al-Fabi o jarra de aceitunas), cerca de S\u00f3ller.<\/p>\n<p>Previendo que los maestros en el arte de las terrazas de piedra ser\u00edan escasos, prodig\u00f3 una gran proporci\u00f3n de la financiaci\u00f3n disponible en el jard\u00edn, ya que tem\u00eda que su oportunidad no se repitiera. Se construyeron muros de contenci\u00f3n, tramos de escaleras, terrazas plantadas y caminos. Un equipo de seis hombres, bajo la direcci\u00f3n del maestro Juan Font (director de obras del Bonsol), trabaj\u00f3 en la construcci\u00f3n durante un periodo de veinte a\u00f1os. Uno de los maestros, Sebasti\u00e1n, estaba tan interesado en el proyecto y tan comprometido con su trabajo que continu\u00f3 m\u00e1s all\u00e1 de su tiempo de jubilaci\u00f3n y hasta finales de los 70 a\u00f1os.<\/p>\n<p>A medida que los jardines se iban completando, abarcaban una gran variedad de flores, incluyendo un gran n\u00famero de geranios que ca\u00edan en cascada desde las jardineras y terrazas del Hotel y ca\u00edan por las rocas del jard\u00edn inferior, floreciendo casi todo el a\u00f1o. Pero, desde finales de la d\u00e9cada de 1980, una oruga de mariposa diezm\u00f3 los geranios del Bonsol, al igual que en el resto de Mallorca. En cierta medida, otras plantas suculentas con flor han ocupado su lugar. Hab\u00eda, y hay, muchos \u00e1rboles con flores, incluyendo moreras con sus gusanos de seda. Los ficus (\u00e1rboles de caucho) crec\u00edan profusamente y ten\u00edan que ser podados severamente con bastante frecuencia; los limoneros y naranjos crec\u00edan pero pocos prosperaban en competencia con los pinos de muchos tipos, desde las especies en miniatura hasta los ejemplos de alto crecimiento que soportaban con bastante alegr\u00eda los generosos festones de hiedra. Las palmeras datileras crec\u00edan bien y daban cosechas sustanciales, junto con la Washintonia Palma, vestida de abeto, y tambi\u00e9n el Palmito, local en la isla y capaz de renovar su crecimiento despu\u00e9s de los incendios m\u00e1s severos que no pocas veces barren las zonas de monta\u00f1a. Tradicionalmente, las ramas de estos \u00e1rboles se utilizaban para hacer cestas. Todos ellos proporcionan un atractivo follaje, al igual que los olivos y los arbustos de hibisco. M\u00e1s ins\u00f3lito a\u00fan es el pino rosa (adelfa u hoja de laurel rosa), un \u00e1rbol tupido o un arbusto parecido a un \u00e1rbol que crece con \u00e9xito.<\/p>\n<p>El proceso de creaci\u00f3n de un jard\u00edn no suele ser sencillo, por ejemplo, Antonio era aficionado al abeto azul y plant\u00f3 un centenar de ellos. En Illetas no triunf\u00f3 ni uno solo, pero se regalaron cinco a un amigo que viv\u00eda en Valdemossa y ahora est\u00e1n entre los \u00e1rboles m\u00e1s espectaculares de esa zona.<\/p>\n<p>Ahora se puede comprobar que los jardines, en su madurez, tienen una magia especial. Son complejos y por muchas visitas que se hagan a ellos siguen siendo capaces de dar sorpresas. El verano aporta su brillo, los m\u00e1ximos contrastes de luz a oscuridad, la calidez de las piedras a la luz del sol, el frescor de las zonas de gruta\u2026 Pero el sol de invierno aporta tanto la calidez como el brillo de la luz de \u00e1ngulo bajo, reflejada en los muros de los m\u00e1s variados colores. En estos jardines los tonos de verde, a menudo tan frescos en invierno como en primavera, realzan los colores de las buganvillas y otras flores ex\u00f3ticas. Troncos de \u00e1rboles grandes y peque\u00f1os, ra\u00edces a\u00e9reas, lujosos zarcillos de hiedra, dan a algunas partes un ambiente selv\u00e1tico, mientras que otras son abiertas y sofisticadas.<\/p>\n<p>Los niveles cambiantes, con numerosos tramos de escaleras, se hacen m\u00e1s interesantes por la forma en que conducen, a las diversas zonas, como la cascada y las piscinas, todas ellas accesibles por los ascensores y t\u00faneles.<\/p>\n<p>A veces, los senderos conducen a un destino desconocido, curv\u00e1ndose alrededor de un \u00e1rbol o de un pe\u00f1asco, donde los rayos de sol pueden, en un momento, parecer aclarar la ruta y, en otro, hacerla m\u00e1s misteriosa. Como cuando, estos, brillan sobre partes de la exuberante vegetaci\u00f3n y, a trav\u00e9s de \u00e9sta, se ve el azul del cielo, inesperadamente reflejado en la superficie del agua...<\/p>\n<p>Es un jard\u00edn que muestra los contrastes m\u00e1s sorprendentes de la forma y la textura de la luz, explotando las caracter\u00edsticas de los \u00e1rboles, los arbustos y las plantas en su relaci\u00f3n con el suelo y la roca, los muros de piedra o el pavimento; consigue proporcionar una gama inusual de experiencias, refrescando al visitante de una manera tan especial, que s\u00f3lo un buen jard\u00edn mediterr\u00e1neo, puede conseguir.<br \/>\n<\/p>\n<\/div><div class=\"mkd-section-subtitle-holder\" >\n\t<p  class=\"mkd-section-subtitle\">CLIENTES DEL BONSOL<\/p>\n<p>El Bonsol siempre parece haber sido afortunado con sus hu\u00e9spedes. Cabe preguntarse si Antonio les dijo a los taxistas el tipo de visitante que quer\u00eda. Probablemente juzgaban por las apariencias y se las arreglaban para traer s\u00f3lo a aquellos que ten\u00edan lo que Agatha Christie describi\u00f3 como ``excelentes modales de hotel`` (``Problema en la Bah\u00eda de Pollensa`` - Londres 1936)) ya que no hay recuerdos de problemas importantes, ni siquiera historias de ellos.<\/p>\n<p>A principios de la d\u00e9cada de 1930 hab\u00eda unos cuarenta mil visitantes en la isla, un n\u00famero que se hab\u00eda triplicado en 1950, aumentando a un ritmo todav\u00eda m\u00e1s fren\u00e9tico, de modo que en 1962 la tasa anual super\u00f3 el mill\u00f3n. Los n\u00fameros siguieron subiendo hasta finales de la d\u00e9cada de 1990, cuando el total alcanz\u00f3 los ocho millones y se estabiliz\u00f3 en torno a esa cifra. Tal n\u00famero superaba la poblaci\u00f3n de algunos de los pa\u00edses europeos m\u00e1s peque\u00f1os, y no pod\u00eda ser absorbido c\u00f3modamente sin da\u00f1os visuales y ecol\u00f3gicos en el litoral, especialmente en las zonas cercanas a la capital y en algunos otros lugares que los turoperadores y promotores favorec\u00edan.<\/p>\n<p>Antonio hab\u00eda previsto la expansi\u00f3n, pero, como la mayor\u00eda de los mallorquines, no esperaba que alcanzara tal magnitud. Hacia el final de su vida vio cambios en la actitud general, que empez\u00f3 a acercarse a su propia forma de pensar. Las autoridades de la isla introdujeron medidas muy positivas para proteger su car\u00e1cter y salvaguardar el medio ambiente en general. \u00c9l se alegr\u00f3 de ello, al igual que muchos de los isle\u00f1os. En 2001, el Bonsol recibi\u00f3 el premio gubernamental de medio ambiente ``EMAS`` por su contribuci\u00f3n a los logros ecol\u00f3gicos.<\/p>\n<p>Mallorca sigue siendo un maravilloso y excelente destino de vacaciones: gran parte de ella ha cambiado muy poco desde que West describiera su secci\u00f3n occidental, por ejemplo, como la ``extensi\u00f3n de terreno m\u00e1s sublime de Europa`` (1) o desde que Sand afirmara que la isla era uno de los lugares m\u00e1s bellos del planeta. Escribi\u00f3 que invitaba y esperaba al artista y que era ``un Eldorado de la pintura``, un lugar de tranquilidad natural, como ``una Helvecia verde bajo un cielo calabr\u00e9s, con la solemnidad y el silencio de Oriente`` (2).<\/p>\n<p>Fue una suerte que Antonio, al elaborar sus esquemas para el Bonsol, siempre aspirara a la provisi\u00f3n de generosos est\u00e1ndares espaciales, ya que este enfoque permit\u00eda realizar cambios y adaptaciones cuando lo consideraba necesario.<\/p>\n<p>El edificio principal parece relativamente modesto en cuanto a su volumen, no es grandioso, pero s\u00ed muy accesible, y ello se debe a que s\u00f3lo una peque\u00f1a parte puede verse desde cualquier punto de vista. Contiene una gran cantidad de alojamientos, incluyendo una serie de salas de lujo: salas de estar, de desayuno, comedor y salas de conferencias, as\u00ed como un gimnasio, un SPA, vestuarios y alojamientos auxiliares. Todas son generosas en su escala, atractivas en su ambiente y cada una tiene un car\u00e1cter apropiado a su funci\u00f3n.<\/p>\n<p>Las habitaciones del Bonsol son atractivas y generosas en espacio, el Hotel, en su conjunto, es posiblemente el m\u00e1s inusual e intrigante de Mallorca, incluyendo, como lo hace, uno de los mejores jardines de Hotel en la isla.<br \/>\nAntonio y Roger Xamena establecieron el Hotel, su familia, ha continuado las pol\u00edticas originales, y algunos miembros del personal han ayudado individualmente a mantener los est\u00e1ndares por m\u00e1s de 25 o incluso 30 a\u00f1os de servicio.<\/p>\n<p>Ahora, Martin y Lorraine Xamena y sus hijos, se esfuerzan por realizar nuevas mejoras en el complejo y cumplir con los m\u00e1s altos est\u00e1ndares del siglo XXI, manteniendo el car\u00e1cter original y las finas tradiciones del Bonsol.<\/p>\n<\/div>[\/vc_column][\/vc_row]<\/p>\n","protected":false},"excerpt":{"rendered":"<p>[vc_row][vc_column css=\u00bb.vc_custom_1616003394049{padding-top: 180px !important;padding-bottom: 60px !important;}\u00bb][\/vc_column][\/vc_row][vc_row content_width=\u00bbgrid\u00bb content_aligment=\u00bbcenter\u00bb][vc_column width=\u00bb1\/6&#8243;][\/vc_column][vc_column width=\u00bb2\/3&#8243;][vc_single_image image=\u00bb12558&#8243; img_size=\u00bbfull\u00bb alignment=\u00bbcenter\u00bb][\/vc_column][vc_column width=\u00bb1\/6&#8243;][\/vc_column][\/vc_row][vc_row content_width=\u00bbgrid\u00bb content_aligment=\u00bbcenter\u00bb css=\u00bb.vc_custom_1598005337642{padding-top: 40px !important;padding-bottom: 20px !important;background-position: center !important;background-repeat: no-repeat !important;background-size: cover !important;}\u00bb][vc_column offset=\u00bbvc_col-lg-offset-0 vc_col-lg-12 vc_col-md-offset-0 vc_col-md-12&#8243;][\/vc_column][\/vc_row]<\/p>\n","protected":false},"author":2,"featured_media":0,"parent":0,"menu_order":0,"comment_status":"closed","ping_status":"closed","template":"full-width.php","meta":{"_monsterinsights_skip_tracking":false,"_monsterinsights_sitenote_active":false,"_monsterinsights_sitenote_note":"","_monsterinsights_sitenote_category":0,"footnotes":""},"_links":{"self":[{"href":"https:\/\/www.hotelbonsol.es\/es\/wp-json\/wp\/v2\/pages\/13180"}],"collection":[{"href":"https:\/\/www.hotelbonsol.es\/es\/wp-json\/wp\/v2\/pages"}],"about":[{"href":"https:\/\/www.hotelbonsol.es\/es\/wp-json\/wp\/v2\/types\/page"}],"author":[{"embeddable":true,"href":"https:\/\/www.hotelbonsol.es\/es\/wp-json\/wp\/v2\/users\/2"}],"replies":[{"embeddable":true,"href":"https:\/\/www.hotelbonsol.es\/es\/wp-json\/wp\/v2\/comments?post=13180"}],"version-history":[{"count":4,"href":"https:\/\/www.hotelbonsol.es\/es\/wp-json\/wp\/v2\/pages\/13180\/revisions"}],"predecessor-version":[{"id":13219,"href":"https:\/\/www.hotelbonsol.es\/es\/wp-json\/wp\/v2\/pages\/13180\/revisions\/13219"}],"wp:attachment":[{"href":"https:\/\/www.hotelbonsol.es\/es\/wp-json\/wp\/v2\/media?parent=13180"}],"curies":[{"name":"wp","href":"https:\/\/api.w.org\/{rel}","templated":true}]}}